{"id":1155,"date":"2021-03-20T19:28:36","date_gmt":"2021-03-20T19:28:36","guid":{"rendered":"https:\/\/www.setdecor.com.tr\/tr\/?page_id=1155"},"modified":"2021-08-27T18:02:40","modified_gmt":"2021-08-27T18:02:40","slug":"guclu-yanlarimiz","status":"publish","type":"page","link":"https:\/\/www.setdecor.com.tr\/tr\/kurumsal\/guclu-yanlarimiz\/","title":{"rendered":"G\u00fc\u00e7l\u00fc Yanlar\u0131m\u0131z"},"content":{"rendered":"<p>[vc_row css=&#8221;.vc_custom_1616441716290{margin-top: -60px !important;margin-bottom: 0px !important;}&#8221;][vc_column width=&#8221;3\/4&#8243;][vc_column_text]<\/p>\n<div class=\"title-h3\" style=\"text-align: left; margin-bottom: 10px;\"><span style=\"color: #2c2c2c;\">g\u00fc\u00e7l\u00fc yanlar\u0131m\u0131z<\/span><\/div>\n<div class=\"kolon\">\n<div style=\"width: 55px; height: 3px; background: #D40000; text-indent: 9999px;\">1<\/div>\n<\/div>\n<div class=\"kolon\">\n<div style=\"width: 55px; height: 3px; background: black; text-indent: 9999px;\">1<\/div>\n<\/div>\n<div style=\"margin-bottom: 50px;\"><\/div>\n<p>[\/vc_column_text][vc_column_text]<\/p>\n<ul>\n<li class=\"madde\">Firmam\u0131z esas itibariyle \u00fcretici\/uygulay\u0131c\u0131 firma oldu\u011fundan, m\u00fc\u015fterisine hizmet sunarken talep edilen i\u015f ile ilgili sadece fiyat teklifi sunmaktan \u00f6te, g\u00f6rsel anlamda olsun, teknik ve uygulama projesi haz\u0131rlanmas\u0131 anlam\u0131nda olsun bir biri ile Tam Uyumlu ve eksiksiz bir imalat projesi haz\u0131rlar.<\/li>\n<li class=\"madde\">25 y\u0131la yak\u0131nd\u0131r biriktirdi\u011fimiz tecr\u00fcbe ile, hen\u00fcz projeler haz\u0131rlan\u0131rken mimarlar\u0131m\u0131z ile birlikte m\u00fchendislerimiz, imalat m\u00fcd\u00fcrlerimiz ve hatta ustalar\u0131m\u0131z\u0131n da dahil oldu\u011fu bir ekibimiz, projelendirmenin her a\u015famas\u0131nda yer al\u0131rlar.<\/li>\n<li class=\"madde\">Dizayn ve Teknik Ofis ile Fabrika \u00c7al\u0131\u015fanlar\u0131m\u0131z\u0131n her biri deneyimli mimar, i\u00e7 mimar, tekniker ve ustalardan olu\u015fmaktad\u0131r.<\/li>\n<li class=\"madde\">En g\u00fc\u00e7l\u00fc yanlar\u0131m\u0131zdan biri de proje \u00f6zg\u00fc bir ekip olu\u015fturmam\u0131zd\u0131r. \u00d6rne\u011fin Otel Projesi ise bu alanda deneyimli, hastane projesi ise bu alanda deneyimli, Al\u0131\u015f Veri\u015f Merkezi ise bu alanda deneyimli, Ofis binas\u0131 ise bu alanda deneyimli bir ekip olu\u015fturuyoruz<\/li>\n<li class=\"madde\">Yine en g\u00fc\u00e7l\u00fc yanlar\u0131m\u0131zdan biri de sadece ilgili projede g\u00f6rev almak i\u00e7in olu\u015fturdu\u011fumuz ekibimizi, m\u00fc\u015fterimizin uygun g\u00f6rmesi ve yer sa\u011flamas\u0131 durumunda m\u00fc\u015fterimizin \u015firket merkezine veya \u015fantiyesine yerle\u015ftiriyor olmam\u0131zd\u0131r.<\/li>\n<li class=\"madde\">B\u00f6ylece ekibimiz daima m\u00fc\u015fterimizin yak\u0131n\u0131nda ve g\u00f6z\u00fc \u00f6n\u00fcnde bulundu\u011fundan m\u00fc\u015fterimiz; \u00e7al\u0131\u015fmalar\u0131m\u0131z\u0131n her a\u015famas\u0131ndan haberdar olmakta ve s\u0131k s\u0131k fikir al\u0131\u015f veri\u015fi i\u00e7inde bulunmakta ve hatta diledi\u011fi zaman ihtiyaca binaen m\u00fcdahil olabilmektedir. B\u00f6ylece hi\u00e7 bir zaman k\u00f6t\u00fc s\u00fcrprizlerle kar\u015f\u0131la\u015fmamakta ve zaman kayb\u0131na da u\u011framamaktad\u0131r.<\/li>\n<\/ul>\n<p>[\/vc_column_text][\/vc_column][vc_column width=&#8221;1\/4&#8243;][vc_single_image image=&#8221;2193&#8243; img_size=&#8221;full&#8221;][\/vc_column][\/vc_row]<\/p>\n","protected":false},"excerpt":{"rendered":"<p>[vc_row css=&#8221;.vc_custom_1616441716290{margin-top: -60px !important;margin-bottom: 0px !important;}&#8221;][vc_column width=&#8221;3\/4&#8243;][vc_column_text] g\u00fc\u00e7l\u00fc yanlar\u0131m\u0131z 1 1 [\/vc_column_text][vc_column_text] Firmam\u0131z esas itibariyle \u00fcretici\/uygulay\u0131c\u0131 firma oldu\u011fundan, m\u00fc\u015fterisine hizmet&#8230;<\/p>\n","protected":false},"author":1,"featured_media":0,"parent":692,"menu_order":0,"comment_status":"closed","ping_status":"closed","template":"","meta":[],"_links":{"self":[{"href":"https:\/\/www.setdecor.com.tr\/tr\/wp-json\/wp\/v2\/pages\/1155"}],"collection":[{"href":"https:\/\/www.setdecor.com.tr\/tr\/wp-json\/wp\/v2\/pages"}],"about":[{"href":"https:\/\/www.setdecor.com.tr\/tr\/wp-json\/wp\/v2\/types\/page"}],"author":[{"embeddable":true,"href":"https:\/\/www.setdecor.com.tr\/tr\/wp-json\/wp\/v2\/users\/1"}],"replies":[{"embeddable":true,"href":"https:\/\/www.setdecor.com.tr\/tr\/wp-json\/wp\/v2\/comments?post=1155"}],"version-history":[{"count":20,"href":"https:\/\/www.setdecor.com.tr\/tr\/wp-json\/wp\/v2\/pages\/1155\/revisions"}],"predecessor-version":[{"id":2439,"href":"https:\/\/www.setdecor.com.tr\/tr\/wp-json\/wp\/v2\/pages\/1155\/revisions\/2439"}],"up":[{"embeddable":true,"href":"https:\/\/www.setdecor.com.tr\/tr\/wp-json\/wp\/v2\/pages\/692"}],"wp:attachment":[{"href":"https:\/\/www.setdecor.com.tr\/tr\/wp-json\/wp\/v2\/media?parent=1155"}],"curies":[{"name":"wp","href":"https:\/\/api.w.org\/{rel}","templated":true}]}}