{"id":6,"date":"2017-11-17T13:27:09","date_gmt":"2017-11-17T13:27:09","guid":{"rendered":"http:\/\/democontent.codex-themes.com\/sites\/construction\/?page_id=6"},"modified":"2021-08-27T18:03:06","modified_gmt":"2021-08-27T18:03:06","slug":"vizyon-ilkelerimiz","status":"publish","type":"page","link":"https:\/\/www.setdecor.com.tr\/tr\/kurumsal\/vizyon-ilkelerimiz\/","title":{"rendered":"Vizyon &#038; \u0130lkelerimiz"},"content":{"rendered":"<p>[vc_row css=&#8221;.vc_custom_1616441284699{margin-top: -60px !important;}&#8221;][vc_column width=&#8221;3\/4&#8243;][vc_column_text]<\/p>\n<div class=\"title-h3\" style=\"text-align: left; margin-bottom: 10px;\"><span style=\"color: #2c2c2c;\">vizyon &amp; ilkelerimiz<\/span><\/div>\n<div class=\"kolon\">\n<div style=\"width: 55px; height: 3px; background: #D40000; text-indent: 9999px;\">1<\/div>\n<\/div>\n<div class=\"kolon\">\n<div style=\"width: 55px; height: 3px; background: black; text-indent: 9999px;\">1<\/div>\n<\/div>\n<div style=\"margin-bottom: 50px;\"><\/div>\n<p>[\/vc_column_text][vc_column_text css=&#8221;.vc_custom_1624475250946{border-top-width: 20px !important;}&#8221;]<\/p>\n<ul>\n<li class=\"madde\">Uzmanla\u015ft\u0131\u011f\u0131 faaliyet alanlar\u0131nda lider konumda olmak ve uluslararas\u0131 standartlarda hizmet sunmak,<\/li>\n<li class=\"madde\">M\u00fc\u015fteri taleplerine \u00f6ncelik vererek, \u00fcr\u00fcn ve hizmetlerinin kalitesiyle olu\u015fturdu\u011fu m\u00fc\u015fteri memnuniyetinin s\u00fcreklili\u011fini sa\u011flamak,<\/li>\n<li class=\"madde\">T\u00fcm payda\u015flar\u0131 ile profesyonellik ve kar\u015f\u0131l\u0131kl\u0131 g\u00fcven ilkesine dayal\u0131 uzun s\u00fcreli ili\u015fkiler kurmak,<\/li>\n<li class=\"madde\">\u0130\u015f program\u0131 ve teknik \u015fartnamelere azami \u00f6zeni g\u00f6sterip \u00fcstlenmi\u015f oldu\u011fu projeleri zaman\u0131nda bitirerek teslim etmek,<\/li>\n<li class=\"madde\">Nitelikli personel istihdam etmek ve \u00e7a\u011fda\u015f bir y\u00f6netim sistemine sahip olmak,<\/li>\n<li class=\"madde\">Kurum i\u00e7i e\u011fitimlerle istihdam g\u00fcc\u00fcn\u00fc ve kalitesini y\u00fckselterek geli\u015ftirmek,<\/li>\n<li class=\"madde\">K\u00e2r\u0131, zarar\u0131, ba\u015far\u0131y\u0131 ve hatay\u0131 e\u015fit payla\u015farak tak\u0131m \u00e7al\u0131\u015fmas\u0131 ruhunu ya\u015fatmak,<\/li>\n<li class=\"madde\">Personelin SETDECOR\u2019da \u00e7al\u0131\u015fmaktan dolay\u0131 mutlu ve gururlu olmas\u0131n\u0131 sa\u011flamak,<\/li>\n<li class=\"madde\">Y\u00fcksek etik standartlara ba\u011fl\u0131 kalmak,<\/li>\n<li class=\"madde\">\u00c7evre koruma, i\u015f\u00e7i sa\u011fl\u0131\u011f\u0131 ve i\u015f g\u00fcvenli\u011fi konular\u0131na gerekli hassasiyeti g\u00f6stermek,<\/li>\n<li class=\"madde\">Toplumsal duyarl\u0131l\u0131k ve bilin\u00e7le; k\u00e2r\u0131n\u0131n belli bir k\u0131sm\u0131n\u0131, sosyal yard\u0131m projelerine aktarmakt\u0131r.<\/li>\n<li class=\"madde\">\u00dcstlendi\u011fimiz her i\u015fin ana fikrinde; mekan\u0131n kendini tekrarlayan monoton formlardan uzak, insan odakl\u0131 \u00e7\u00f6z\u00fcmlemelere sahip ve en \u00f6nemlisi \u00e7ok uzun y\u0131llar de\u011fi\u015fime gerek duymayacak \u00f6zg\u00fcn, yarat\u0131c\u0131 detaylar ile donat\u0131lm\u0131\u015f olmas\u0131 i\u00e7in daima kaliteli i\u015f yapmak temel ilkemizdir.<\/li>\n<\/ul>\n<p>[\/vc_column_text][\/vc_column][vc_column width=&#8221;1\/4&#8243;][vc_single_image image=&#8221;2134&#8243; img_size=&#8221;full&#8221;][\/vc_column][\/vc_row]<\/p>\n","protected":false},"excerpt":{"rendered":"<p>[vc_row css=&#8221;.vc_custom_1616441284699{margin-top: -60px !important;}&#8221;][vc_column width=&#8221;3\/4&#8243;][vc_column_text] vizyon &amp; ilkelerimiz 1 1 [\/vc_column_text][vc_column_text css=&#8221;.vc_custom_1624475250946{border-top-width: 20px !important;}&#8221;] Uzmanla\u015ft\u0131\u011f\u0131 faaliyet alanlar\u0131nda lider konumda olmak&#8230;<\/p>\n","protected":false},"author":1,"featured_media":0,"parent":692,"menu_order":0,"comment_status":"closed","ping_status":"closed","template":"","meta":[],"_links":{"self":[{"href":"https:\/\/www.setdecor.com.tr\/tr\/wp-json\/wp\/v2\/pages\/6"}],"collection":[{"href":"https:\/\/www.setdecor.com.tr\/tr\/wp-json\/wp\/v2\/pages"}],"about":[{"href":"https:\/\/www.setdecor.com.tr\/tr\/wp-json\/wp\/v2\/types\/page"}],"author":[{"embeddable":true,"href":"https:\/\/www.setdecor.com.tr\/tr\/wp-json\/wp\/v2\/users\/1"}],"replies":[{"embeddable":true,"href":"https:\/\/www.setdecor.com.tr\/tr\/wp-json\/wp\/v2\/comments?post=6"}],"version-history":[{"count":16,"href":"https:\/\/www.setdecor.com.tr\/tr\/wp-json\/wp\/v2\/pages\/6\/revisions"}],"predecessor-version":[{"id":2441,"href":"https:\/\/www.setdecor.com.tr\/tr\/wp-json\/wp\/v2\/pages\/6\/revisions\/2441"}],"up":[{"embeddable":true,"href":"https:\/\/www.setdecor.com.tr\/tr\/wp-json\/wp\/v2\/pages\/692"}],"wp:attachment":[{"href":"https:\/\/www.setdecor.com.tr\/tr\/wp-json\/wp\/v2\/media?parent=6"}],"curies":[{"name":"wp","href":"https:\/\/api.w.org\/{rel}","templated":true}]}}